{"id":766,"date":"2026-04-23T12:33:29","date_gmt":"2026-04-23T10:33:29","guid":{"rendered":"https:\/\/www.monicacapello.com\/?page_id=766"},"modified":"2026-04-28T09:59:23","modified_gmt":"2026-04-28T07:59:23","slug":"blog","status":"publish","type":"page","link":"https:\/\/www.monicacapello.com\/index.php\/blog\/","title":{"rendered":"Blog"},"content":{"rendered":"<div  class='av-alb-blogposts template-blog  '  itemscope=\"itemscope\" itemtype=\"https:\/\/schema.org\/Blog\" ><article class=\"post-entry post-entry-type-standard post-entry-937 post-loop-1 post-parity-odd single-big with-slider post-937 post type-post status-publish format-standard has-post-thumbnail hentry category-blog tag-atteggiamento tag-azienda tag-cavallo tag-cavallo-come-specchio tag-comportamento tag-consapevolezza tag-consapevolezza-personae tag-dinamiche-organizzative tag-formazione tag-formazione-aziendale tag-leadership\"  itemscope=\"itemscope\" itemtype=\"https:\/\/schema.org\/BlogPosting\" ><div class=\"blog-meta\"><\/div><div class='entry-content-wrapper clearfix standard-content'><header class=\"entry-content-header\"><div class=\"av-heading-wrapper\"><span class=\"blog-categories minor-meta\"><a href=\"https:\/\/www.monicacapello.com\/index.php\/category\/blog\/\" rel=\"tag\">Blog<\/a><\/span><h2 class='post-title entry-title '  itemprop=\"headline\" ><a href=\"https:\/\/www.monicacapello.com\/index.php\/2026\/08\/31\/lavoratrice-per-caso-quando-il-lavoro-ti-sceglie-prima-che-sia-tu-a-scegliere-lui\/\" rel=\"bookmark\" title=\"Link Permanente: Lavoratrice per caso? Quando il lavoro ti sceglie prima che sia tu a scegliere lui\">Lavoratrice per caso? Quando il lavoro ti sceglie prima che sia tu a scegliere lui<span class=\"post-format-icon minor-meta\"><\/span><\/a><\/h2><\/div><\/header><span class=\"av-vertical-delimiter\"><\/span><div class=\"big-preview single-big\"  itemprop=\"image\" itemscope=\"itemscope\" itemtype=\"https:\/\/schema.org\/ImageObject\" ><a href=\"https:\/\/www.monicacapello.com\/index.php\/2026\/08\/31\/lavoratrice-per-caso-quando-il-lavoro-ti-sceglie-prima-che-sia-tu-a-scegliere-lui\/\"  title=\"MC260313-61737\" ><img loading=\"lazy\" decoding=\"async\" width=\"1210\" height=\"423\" src=\"https:\/\/www.monicacapello.com\/wp-content\/uploads\/MC260313-61737-1210x423.jpg\" class=\"wp-image-938 avia-img-lazy-loading-938 attachment-entry_without_sidebar size-entry_without_sidebar wp-post-image\" alt=\"\" \/><\/a><\/div><div class=\"entry-content\"  itemprop=\"text\" ><p><span style=\"font-size: 18px; color: #9f917e;\">Un articolo dedicato alle Donne, ma anche agli Uomini desiderosi di comprendere il mio personale punto di vista rispetto ad una tematica importante, la <strong>professionalit\u00e0 femminile<\/strong>, che a volte si fa carico di pregiudizi e condizionamenti radicati (senza motivo) dentro e fuori di noi.<\/span><\/p>\n<h3>Un lavoro che capita<\/h3>\n<p><span style=\"font-size: 18px; color: #9f917e;\">Quante Donne possono dire di aver scelto davvero il proprio lavoro?<br \/>\nE quante, invece, hanno semplicemente colto l&#8217;occasione che si \u00e8 presentata?<br \/>\n<\/span><\/p>\n<p><span style=\"font-size: 18px; color: #9f917e;\">Un contratto arrivato al momento giusto.<br \/>\nUn&#8217;amica che cercava una collega.<br \/>\nUn impiego vicino a casa.<br \/>\nUn lavoro compatibile con gli orari dei figli.<br \/>\nLa necessit\u00e0 di contribuire al bilancio familiare.<br \/>\n<\/span><\/p>\n<p><span style=\"font-size: 18px; color: #9f917e;\">Per molte donne, la storia professionale inizia con una <strong>NON<\/strong> scelta, magari una circostanza che diventa poi un dato di fatto a lungo termine.<\/span><\/p>\n<p><span style=\"font-size: 18px; color: #9f917e;\">Tengo a precisare che non c&#8217;\u00e8 nulla di sbagliato in tutto questo: ricordo ancora il mio primo impiego e l\u2019annuncio che avevo ritagliato dal giornale locale al quale avevo risposto per gioco. Una professione che non mi apparteneva davvero ma che rispecchiava il percorso di studi affrontato per assecondare i desideri altrui\u2026 (non voglio aggiungere altro poich\u00e9 questo \u00e8 un &#8220;super tema&#8221; che affronter\u00f2 a tempo debito).<\/span><\/p>\n<p><span style=\"font-size: 18px; color: #9f917e;\">La vita ci porta spesso a prendere decisioni dettate dalle priorit\u00e0 del momento.<\/span><br \/>\n <a href=\"https:\/\/www.monicacapello.com\/index.php\/2026\/08\/31\/lavoratrice-per-caso-quando-il-lavoro-ti-sceglie-prima-che-sia-tu-a-scegliere-lui\/\" class=\"more-link\">Continua a leggere<span class=\"more-link-arrow\"><\/span><\/a><\/p>\n<\/div><span class=\"post-meta-infos\"><time class=\"date-container minor-meta updated\"  itemprop=\"datePublished\" datetime=\"2026-08-31T12:36:09+02:00\" >31 Agosto 2026<\/time><span class=\"text-sep\">\/<\/span><span class=\"blog-author minor-meta\">da <span class=\"entry-author-link\"  itemprop=\"author\" ><span class=\"author\"><span class=\"fn\"><a href=\"https:\/\/www.monicacapello.com\/index.php\/author\/monicaj\/\" rel=\"author\">monicaj<\/a><\/span><\/span><\/span><\/span><\/span><footer class=\"entry-footer\"><\/footer><div class='post_delimiter'><\/div><\/div><div class=\"post_author_timeline\"><\/div><span class='hidden'>\n\t\t\t\t<span class='av-structured-data'  itemprop=\"image\" itemscope=\"itemscope\" itemtype=\"https:\/\/schema.org\/ImageObject\" >\n\t\t\t\t\t\t<span itemprop='url'>https:\/\/www.monicacapello.com\/wp-content\/uploads\/MC260313-61737-scaled.jpg<\/span>\n\t\t\t\t\t\t<span itemprop='height'>1707<\/span>\n\t\t\t\t\t\t<span itemprop='width'>2560<\/span>\n\t\t\t\t<\/span>\n\t\t\t\t<span class='av-structured-data'  itemprop=\"publisher\" itemtype=\"https:\/\/schema.org\/Organization\" itemscope=\"itemscope\" >\n\t\t\t\t\t\t<span itemprop='name'>monicaj<\/span>\n\t\t\t\t\t\t<span itemprop='logo' itemscope itemtype='https:\/\/schema.org\/ImageObject'>\n\t\t\t\t\t\t\t<span itemprop='url'>https:\/\/www.monicacapello.com\/wp-content\/uploads\/2024\/02\/monicon-300x300.png<\/span>\n\t\t\t\t\t\t <\/span>\n\t\t\t\t<\/span><span class='av-structured-data'  itemprop=\"author\" itemscope=\"itemscope\" itemtype=\"https:\/\/schema.org\/Person\" ><span itemprop='name'>monicaj<\/span><\/span><span class='av-structured-data'  itemprop=\"datePublished\" datetime=\"2026-08-31T12:36:09+02:00\" >2026-08-31 12:36:09<\/span><span class='av-structured-data'  itemprop=\"dateModified\" itemtype=\"https:\/\/schema.org\/dateModified\" >2026-08-31 21:24:17<\/span><span class='av-structured-data'  itemprop=\"mainEntityOfPage\" itemtype=\"https:\/\/schema.org\/mainEntityOfPage\" ><span itemprop='name'>Lavoratrice per caso? Quando il lavoro ti sceglie prima che sia tu a scegliere lui<\/span><\/span><\/span><\/article><article class=\"post-entry post-entry-type-standard post-entry-911 post-loop-2 post-parity-even single-big with-slider post-911 post type-post status-publish format-standard has-post-thumbnail hentry category-blog tag-atteggiamento tag-azienda tag-cavallo tag-cavallo-come-specchio tag-comportamento tag-consapevolezza tag-consapevolezza-personae tag-dinamiche-organizzative tag-formazione tag-formazione-aziendale tag-leadership\"  itemscope=\"itemscope\" itemtype=\"https:\/\/schema.org\/BlogPosting\" ><div class=\"blog-meta\"><\/div><div class='entry-content-wrapper clearfix standard-content'><header class=\"entry-content-header\"><div class=\"av-heading-wrapper\"><span class=\"blog-categories minor-meta\"><a href=\"https:\/\/www.monicacapello.com\/index.php\/category\/blog\/\" rel=\"tag\">Blog<\/a><\/span><h2 class='post-title entry-title '  itemprop=\"headline\" ><a href=\"https:\/\/www.monicacapello.com\/index.php\/2026\/08\/19\/lo-specchio-piu-sincero-cosa-ci-racconta-il-cavallo-di-noi-stessi\/\" rel=\"bookmark\" title=\"Link Permanente: Lo specchio pi\u00f9 sincero: cosa ci racconta il Cavallo di noi stessi\">Lo specchio pi\u00f9 sincero: cosa ci racconta il Cavallo di noi stessi<span class=\"post-format-icon minor-meta\"><\/span><\/a><\/h2><\/div><\/header><span class=\"av-vertical-delimiter\"><\/span><div class=\"big-preview single-big\"  itemprop=\"image\" itemscope=\"itemscope\" itemtype=\"https:\/\/schema.org\/ImageObject\" ><a href=\"https:\/\/www.monicacapello.com\/index.php\/2026\/08\/19\/lo-specchio-piu-sincero-cosa-ci-racconta-il-cavallo-di-noi-stessi\/\"  title=\"WhatsApp Image 2026-04-12 at 21.22.04\" ><img loading=\"lazy\" decoding=\"async\" width=\"1210\" height=\"423\" src=\"https:\/\/www.monicacapello.com\/wp-content\/uploads\/WhatsApp-Image-2026-04-12-at-21.22.04-1210x423.jpg\" class=\"wp-image-908 avia-img-lazy-loading-908 attachment-entry_without_sidebar size-entry_without_sidebar wp-post-image\" alt=\"\" \/><\/a><\/div><div class=\"entry-content\"  itemprop=\"text\" ><p>&nbsp;<\/p>\n<h3>Ti sei mai chiesto\/a come vieni percepito\/a dagli altri?<\/h3>\n<p><span style=\"font-size: 18px; color: #9f917e;\">Non mi riferisco esclusivamente agli aspetti legati alla comunicazione, tema caldo dei miei percorsi formativi, croce e delizia di ogni genere di relazione perch\u00e9, come spesso accade, quanto \u201cdiciamo\u201d viene rielaborato, interpretato e distorto da chi abbiamo davanti.<\/span><\/p>\n<p><span style=\"font-size: 18px; color: #9f917e;\">Mi riferisco ad ogni tuo piccolo aspetto che forse sfugge anche alla tua percezione personale: postura, sguardo, intento e ovviamente messaggio.<\/span><\/p>\n<p><span style=\"font-size: 18px; color: #9f917e;\">Ho suscitato qualche curiosit\u00e0?<\/span><\/p>\n<p><span style=\"font-size: 18px; color: #9f917e;\">Vediamo allora insieme di cosa si tratta.<\/span><\/p>\n<p><span style=\"font-size: 18px; color: #9f917e;\">In azienda come nella vita privata, siamo portati a pensare di comunicare con chiarezza, di trasmettere sicurezza, di essere aperti al dialogo o di saper guidare un gruppo. Per alcuni la leadership \u00e8 forte e autentica, per altri si tratta di improvvisazione o di assenza totale di questa preziosa attitudine.<\/span><\/p>\n<p><span style=\"font-size: 18px; color: #9f917e;\">Emerge quindi una <strong>domanda fondamentale<\/strong>: quanto crediamo di esprimere coincide davvero con ci\u00f2 che arriva a chi abbiamo di fronte?<\/span><br \/>\n <a href=\"https:\/\/www.monicacapello.com\/index.php\/2026\/08\/19\/lo-specchio-piu-sincero-cosa-ci-racconta-il-cavallo-di-noi-stessi\/\" class=\"more-link\">Continua a leggere<span class=\"more-link-arrow\"><\/span><\/a><\/p>\n<\/div><span class=\"post-meta-infos\"><time class=\"date-container minor-meta updated\"  itemprop=\"datePublished\" datetime=\"2026-08-19T15:30:05+02:00\" >19 Agosto 2026<\/time><span class=\"text-sep\">\/<\/span><span class=\"blog-author minor-meta\">da <span class=\"entry-author-link\"  itemprop=\"author\" ><span class=\"author\"><span class=\"fn\"><a href=\"https:\/\/www.monicacapello.com\/index.php\/author\/monicaj\/\" rel=\"author\">monicaj<\/a><\/span><\/span><\/span><\/span><\/span><footer class=\"entry-footer\"><\/footer><div class='post_delimiter'><\/div><\/div><div class=\"post_author_timeline\"><\/div><span class='hidden'>\n\t\t\t\t<span class='av-structured-data'  itemprop=\"image\" itemscope=\"itemscope\" itemtype=\"https:\/\/schema.org\/ImageObject\" >\n\t\t\t\t\t\t<span itemprop='url'>https:\/\/www.monicacapello.com\/wp-content\/uploads\/WhatsApp-Image-2026-04-12-at-21.22.04.jpg<\/span>\n\t\t\t\t\t\t<span itemprop='height'>2048<\/span>\n\t\t\t\t\t\t<span itemprop='width'>1536<\/span>\n\t\t\t\t<\/span>\n\t\t\t\t<span class='av-structured-data'  itemprop=\"publisher\" itemtype=\"https:\/\/schema.org\/Organization\" itemscope=\"itemscope\" >\n\t\t\t\t\t\t<span itemprop='name'>monicaj<\/span>\n\t\t\t\t\t\t<span itemprop='logo' itemscope itemtype='https:\/\/schema.org\/ImageObject'>\n\t\t\t\t\t\t\t<span itemprop='url'>https:\/\/www.monicacapello.com\/wp-content\/uploads\/2024\/02\/monicon-300x300.png<\/span>\n\t\t\t\t\t\t <\/span>\n\t\t\t\t<\/span><span class='av-structured-data'  itemprop=\"author\" itemscope=\"itemscope\" itemtype=\"https:\/\/schema.org\/Person\" ><span itemprop='name'>monicaj<\/span><\/span><span class='av-structured-data'  itemprop=\"datePublished\" datetime=\"2026-08-19T15:30:05+02:00\" >2026-08-19 15:30:05<\/span><span class='av-structured-data'  itemprop=\"dateModified\" itemtype=\"https:\/\/schema.org\/dateModified\" >2026-08-28 15:27:23<\/span><span class='av-structured-data'  itemprop=\"mainEntityOfPage\" itemtype=\"https:\/\/schema.org\/mainEntityOfPage\" ><span itemprop='name'>Lo specchio pi\u00f9 sincero: cosa ci racconta il Cavallo di noi stessi<\/span><\/span><\/span><\/article><article class=\"post-entry post-entry-type-standard post-entry-895 post-loop-3 post-parity-odd post-entry-last single-big with-slider post-895 post type-post status-publish format-standard has-post-thumbnail hentry category-blog\"  itemscope=\"itemscope\" itemtype=\"https:\/\/schema.org\/BlogPosting\" ><div class=\"blog-meta\"><\/div><div class='entry-content-wrapper clearfix standard-content'><header class=\"entry-content-header\"><div class=\"av-heading-wrapper\"><span class=\"blog-categories minor-meta\"><a href=\"https:\/\/www.monicacapello.com\/index.php\/category\/blog\/\" rel=\"tag\">Blog<\/a><\/span><h2 class='post-title entry-title '  itemprop=\"headline\" ><a href=\"https:\/\/www.monicacapello.com\/index.php\/2026\/05\/17\/empowerment-femminile-tra-mito-e-realta-gentile-concessione-chimera-o-priorita\/\" rel=\"bookmark\" title=\"Link Permanente: Empowerment femminile tra mito e realt\u00e0: gentile concessione, chimera o priorit\u00e0?\">Empowerment femminile tra mito e realt\u00e0: gentile concessione, chimera o priorit\u00e0?<span class=\"post-format-icon minor-meta\"><\/span><\/a><\/h2><\/div><\/header><span class=\"av-vertical-delimiter\"><\/span><div class=\"big-preview single-big\"  itemprop=\"image\" itemscope=\"itemscope\" itemtype=\"https:\/\/schema.org\/ImageObject\" ><a href=\"https:\/\/www.monicacapello.com\/index.php\/2026\/05\/17\/empowerment-femminile-tra-mito-e-realta-gentile-concessione-chimera-o-priorita\/\"  title=\"MC260313-61759\" ><img loading=\"lazy\" decoding=\"async\" width=\"1210\" height=\"423\" src=\"https:\/\/www.monicacapello.com\/wp-content\/uploads\/MC260313-61759-1210x423.jpg\" class=\"wp-image-898 avia-img-lazy-loading-898 attachment-entry_without_sidebar size-entry_without_sidebar wp-post-image\" alt=\"\" \/><\/a><\/div><div class=\"entry-content\"  itemprop=\"text\" ><p><span style=\"font-size: 18px; color: #9f917e;\">Sempre pi\u00f9 spesso \u2014 e finalmente \u2014 sentiamo parlare di <strong>empowerment femminile.<\/strong> Lo troviamo nelle aziende, nei media, nei percorsi di crescita personale, nei progetti educativi e nelle conversazioni quotidiane.<\/span><\/p>\n<p><span style=\"font-size: 18px; color: #9f917e;\">Eppure, proprio perch\u00e9 il tema \u00e8 sempre pi\u00f9 presente, \u00e8 naturale chiedersi cosa significhi davvero e perch\u00e9 oggi sia cos\u00ec importante parlarne.<\/span><\/p>\n<p>&nbsp;<\/p>\n<p><span style=\"font-size: 18px; color: #9f917e;\">In questo articolo desidero fare un po\u2019 di chiarezza, andando <strong>oltre slogan e tendenze,<\/strong> per esplorare cosa rappresenti realmente l\u2019empowerment femminile: per le donne, certo, ma anche per l\u2019evoluzione della societ\u00e0 nel suo insieme.<\/span><\/p>\n<p>&nbsp;<\/p>\n<h3>Women empowerment: significato e origine<\/h3>\n<p>&nbsp;<\/p>\n<p><span style=\"font-size: 18px; color: #9f917e;\">L\u2019espressione women empowerment \u2014 o female empowerment \u2014 viene utilizzata quasi sempre in inglese. E <strong>non \u00e8 un caso<\/strong>.<\/span><\/p>\n<p>&nbsp;<\/p>\n<p><span style=\"font-size: 18px; color: #9f917e;\">La traduzione italiana pi\u00f9 immediata potrebbe essere \u201cpotenziamento femminile\u201d o \u201cemancipazione femminile\u201d, ma nessuna restituisce davvero la profondit\u00e0 del verbo inglese to empower: dare potere, mettere una persona nelle condizioni di riconoscere il proprio valore e di agire in modo consapevole nella propria vita.<\/span><\/p>\n<p>&nbsp;<\/p>\n<p><span style=\"font-size: 18px; color: #9f917e;\">Ed \u00e8 proprio qui che il tema si fa interessante.<\/span><br \/>\n <a href=\"https:\/\/www.monicacapello.com\/index.php\/2026\/05\/17\/empowerment-femminile-tra-mito-e-realta-gentile-concessione-chimera-o-priorita\/\" class=\"more-link\">Continua a leggere<span class=\"more-link-arrow\"><\/span><\/a><\/p>\n<\/div><span class=\"post-meta-infos\"><time class=\"date-container minor-meta updated\"  itemprop=\"datePublished\" datetime=\"2026-05-17T21:44:09+02:00\" >17 Maggio 2026<\/time><span class=\"text-sep\">\/<\/span><span class=\"blog-author minor-meta\">da <span class=\"entry-author-link\"  itemprop=\"author\" ><span class=\"author\"><span class=\"fn\"><a href=\"https:\/\/www.monicacapello.com\/index.php\/author\/monicaj\/\" rel=\"author\">monicaj<\/a><\/span><\/span><\/span><\/span><\/span><footer class=\"entry-footer\"><\/footer><div class='post_delimiter'><\/div><\/div><div class=\"post_author_timeline\"><\/div><span class='hidden'>\n\t\t\t\t<span class='av-structured-data'  itemprop=\"image\" itemscope=\"itemscope\" itemtype=\"https:\/\/schema.org\/ImageObject\" >\n\t\t\t\t\t\t<span itemprop='url'>https:\/\/www.monicacapello.com\/wp-content\/uploads\/MC260313-61759-scaled.jpg<\/span>\n\t\t\t\t\t\t<span itemprop='height'>1707<\/span>\n\t\t\t\t\t\t<span itemprop='width'>2560<\/span>\n\t\t\t\t<\/span>\n\t\t\t\t<span class='av-structured-data'  itemprop=\"publisher\" itemtype=\"https:\/\/schema.org\/Organization\" itemscope=\"itemscope\" >\n\t\t\t\t\t\t<span itemprop='name'>monicaj<\/span>\n\t\t\t\t\t\t<span itemprop='logo' itemscope itemtype='https:\/\/schema.org\/ImageObject'>\n\t\t\t\t\t\t\t<span itemprop='url'>https:\/\/www.monicacapello.com\/wp-content\/uploads\/2024\/02\/monicon-300x300.png<\/span>\n\t\t\t\t\t\t <\/span>\n\t\t\t\t<\/span><span class='av-structured-data'  itemprop=\"author\" itemscope=\"itemscope\" itemtype=\"https:\/\/schema.org\/Person\" ><span itemprop='name'>monicaj<\/span><\/span><span class='av-structured-data'  itemprop=\"datePublished\" datetime=\"2026-05-17T21:44:09+02:00\" >2026-05-17 21:44:09<\/span><span class='av-structured-data'  itemprop=\"dateModified\" itemtype=\"https:\/\/schema.org\/dateModified\" >2026-05-17 21:44:09<\/span><span class='av-structured-data'  itemprop=\"mainEntityOfPage\" itemtype=\"https:\/\/schema.org\/mainEntityOfPage\" ><span itemprop='name'>Empowerment femminile tra mito e realt\u00e0: gentile concessione, chimera o priorit\u00e0?<\/span><\/span><\/span><\/article><div class='single-big'><nav class='pagination'><span class='pagination-meta'>Pagina 1 di 3<\/span><span class='current'>1<\/span><a href='https:\/\/www.monicacapello.com\/index.php\/wp-json\/wp\/v2\/pages\/766\/page\/2\/' class='inactive next_page' >2<\/a><a href='https:\/\/www.monicacapello.com\/index.php\/wp-json\/wp\/v2\/pages\/766\/page\/3\/' class='inactive' >3<\/a><\/nav>\n<\/div><\/div>\n","protected":false},"excerpt":{"rendered":"","protected":false},"author":1,"featured_media":0,"parent":0,"menu_order":0,"comment_status":"closed","ping_status":"closed","template":"","meta":{"footnotes":""},"class_list":["post-766","page","type-page","status-publish","hentry"],"_links":{"self":[{"href":"https:\/\/www.monicacapello.com\/index.php\/wp-json\/wp\/v2\/pages\/766","targetHints":{"allow":["GET"]}}],"collection":[{"href":"https:\/\/www.monicacapello.com\/index.php\/wp-json\/wp\/v2\/pages"}],"about":[{"href":"https:\/\/www.monicacapello.com\/index.php\/wp-json\/wp\/v2\/types\/page"}],"author":[{"embeddable":true,"href":"https:\/\/www.monicacapello.com\/index.php\/wp-json\/wp\/v2\/users\/1"}],"replies":[{"embeddable":true,"href":"https:\/\/www.monicacapello.com\/index.php\/wp-json\/wp\/v2\/comments?post=766"}],"version-history":[{"count":3,"href":"https:\/\/www.monicacapello.com\/index.php\/wp-json\/wp\/v2\/pages\/766\/revisions"}],"predecessor-version":[{"id":814,"href":"https:\/\/www.monicacapello.com\/index.php\/wp-json\/wp\/v2\/pages\/766\/revisions\/814"}],"wp:attachment":[{"href":"https:\/\/www.monicacapello.com\/index.php\/wp-json\/wp\/v2\/media?parent=766"}],"curies":[{"name":"wp","href":"https:\/\/api.w.org\/{rel}","templated":true}]}}